{"version":"1.0","provider_name":"Pakuten blog","provider_url":"https:\/\/pakuten.pl\/blog","title":"Kolekcja Lato 2023  Hiszpania - Mijas - Pakuten blog","type":"rich","width":600,"height":338,"html":"<blockquote class=\"wp-embedded-content\"><a href=\"https:\/\/pakuten.pl\/blog\/kolekcja-lato-2023-hiszpania-mijas\/\">Kolekcja Lato 2023    Hiszpania &#8211; Mijas<\/a><\/blockquote>\n<script type='text\/javascript'>\n<!--\/\/--><![CDATA[\/\/><!--\n\t\t\/*! This file is auto-generated *\/\n\t\t!function(d,l){\"use strict\";var e=!1,n=!1;if(l.querySelector)if(d.addEventListener)e=!0;if(d.wp=d.wp||{},!d.wp.receiveEmbedMessage)if(d.wp.receiveEmbedMessage=function(e){var t=e.data;if(t)if(t.secret||t.message||t.value)if(!\/[^a-zA-Z0-9]\/.test(t.secret)){for(var r,i,a,s=l.querySelectorAll('iframe[data-secret=\"'+t.secret+'\"]'),n=l.querySelectorAll('blockquote[data-secret=\"'+t.secret+'\"]'),o=new RegExp(\"^https?:$\",\"i\"),c=0;c<n.length;c++)n[c].style.display=\"none\";for(c=0;c<s.length;c++)if(r=s[c],e.source===r.contentWindow){if(r.removeAttribute(\"style\"),\"height\"===t.message){if(1e3<(a=parseInt(t.value,10)))a=1e3;else if(~~a<200)a=200;r.height=a}if(\"link\"===t.message)if(i=l.createElement(\"a\"),a=l.createElement(\"a\"),i.href=r.getAttribute(\"src\"),a.href=t.value,o.test(a.protocol))if(a.host===i.host)if(l.activeElement===r)d.top.location.href=t.value}}},e)d.addEventListener(\"message\",d.wp.receiveEmbedMessage,!1),l.addEventListener(\"DOMContentLoaded\",t,!1),d.addEventListener(\"load\",t,!1);function t(){if(!n){n=!0;for(var e,t,r=-1!==navigator.appVersion.indexOf(\"MSIE 10\"),i=!!navigator.userAgent.match(\/Trident.*rv:11\\.\/),a=l.querySelectorAll(\"iframe.wp-embedded-content\"),s=0;s<a.length;s++){if(!(e=a[s]).getAttribute(\"data-secret\"))t=Math.random().toString(36).substr(2,10),e.src+=\"#?secret=\"+t,e.setAttribute(\"data-secret\",t);if(r||i)(t=e.cloneNode(!0)).removeAttribute(\"security\"),e.parentNode.replaceChild(t,e)}}}}(window,document);\n\/\/--><!]]>\n<\/script><iframe sandbox=\"allow-scripts\" security=\"restricted\" src=\"https:\/\/pakuten.pl\/blog\/kolekcja-lato-2023-hiszpania-mijas\/embed\/\" width=\"600\" height=\"338\" title=\"&#8222;Kolekcja Lato 2023    Hiszpania &#8211; Mijas&#8221; &#8212; Pakuten blog\" frameborder=\"0\" marginwidth=\"0\" marginheight=\"0\" scrolling=\"no\" class=\"wp-embedded-content\"><\/iframe>","thumbnail_url":"https:\/\/pakuten.pl\/blog\/wp-content\/uploads\/2023\/05\/Kolekcja-Lato-2023-Hiszpania-Mijas-.jpg","thumbnail_width":1280,"thumbnail_height":853,"description":"Mamy maj, ten miesi\u0105c to pocz\u0105tek zaczynaj\u0105cej si\u0119 pi\u0119knej pogody, co prawda maj\u00f3wka ju\u017c za nami, ale by\u0142 to czas rozpoczynaj\u0105cego si\u0119 sezonu, wiele ludzi w\u0142a\u015bnie uwa\u017ca maj\u00f3wk\u0119 za owocne rozpocz\u0119cie sezonu letniego. Za oknem zaczyna pojawia\u0107 si\u0119 wi\u0119cej s\u0142o\u0144ca, temperatury powietrza s\u0105 coraz cieplejsze i przyjemniejsze, przyroda rodzi si\u0119 do \u017cycia i a\u017c chce si\u0119 \u017cy\u0107, jest to czas kiedy dostarczamy sobie wi\u0119cej Witaminy D3 i nasz nastr\u00f3j jest lepszy, wi\u0119cej si\u0119 u\u015bmiechamy i nabieramy si\u0142 na nadchodz\u0105ce lato, a wraz z popraw\u0105 pogody czas na zmian\u0119 garderoby. Schowaj swoje swetry i grube bluzy i wyci\u0105gnij letnie pere\u0142ki, oczywi\u015bcie nie oby\u0142o by si\u0119 bez zakup\u00f3w i nowych ubra\u0144 od Pakuten ! U nas ruszy\u0142a ju\u017c nowa kolekcja z Hiszpanii, kt\u00f3ra zaskakuje."}